{"id":664,"date":"2024-05-16T12:23:10","date_gmt":"2024-05-16T12:23:10","guid":{"rendered":"https:\/\/rightsandresources.org\/livelihoods\/inicio\/"},"modified":"2024-06-17T11:42:55","modified_gmt":"2024-06-17T11:42:55","slug":"inicio","status":"publish","type":"page","link":"https:\/\/rightsandresources.org\/livelihoods\/es\/","title":{"rendered":"Pagina de bienvenida"},"content":{"rendered":"\r\n<section class=\"hero hero--home\" data-waypoint=\"0.25\">\r\n        <div class=\"hero__image\">\r\n      <div class=\"image-background\">\r\n        <img fetchpriority=\"high\" decoding=\"async\" width=\"1440\" height=\"456\" src=\"https:\/\/rightsandresources.org\/livelihoods\/wp-content\/uploads\/2024\/05\/hero.jpg\" class=\"\" alt=\"Hero\" loading=\"eager\" srcset=\"https:\/\/rightsandresources.org\/livelihoods\/wp-content\/uploads\/2024\/05\/hero.jpg 1440w, https:\/\/rightsandresources.org\/livelihoods\/wp-content\/uploads\/2024\/05\/hero-1200x380.jpg 1200w, https:\/\/rightsandresources.org\/livelihoods\/wp-content\/uploads\/2024\/05\/hero-600x190.jpg 600w, https:\/\/rightsandresources.org\/livelihoods\/wp-content\/uploads\/2024\/05\/hero-768x243.jpg 768w\" sizes=\"(max-width: 1440px) 100vw, 1440px\" \/>      <\/div>\r\n    <\/div>\r\n        <div class=\"container\">\r\n      <div class=\"hero__content\">\r\n        <div class=\"hero__data\">\r\n            <h1 class=\"hero__title\">Medios de Vida: Comunidades de Aprendizaje<\/h1>        <\/div>\r\n      <\/div>\r\n    <\/div> \r\n<\/section>\r\n<section class=\"language-content\" data-waypoint=\"0.25\">\r\n  <div class=\"container medium\">\r\n      <div class=\"language-content__grid\">\r\n        <ul class=\"header-language\">\r\n          \n<div class=\"wpml-ls-statics-shortcode_actions wpml-ls wpml-ls-legacy-list-horizontal\">\n\t<ul><li class=\"wpml-ls-slot-shortcode_actions wpml-ls-item wpml-ls-item-en wpml-ls-first-item wpml-ls-item-legacy-list-horizontal\">\n\t\t\t\t<a href=\"https:\/\/rightsandresources.org\/livelihoods\/\" class=\"wpml-ls-link\">\n                    <span class=\"wpml-ls-display\">EN<\/span><\/a>\n\t\t\t<\/li><li class=\"wpml-ls-slot-shortcode_actions wpml-ls-item wpml-ls-item-fr wpml-ls-item-legacy-list-horizontal\">\n\t\t\t\t<a href=\"https:\/\/rightsandresources.org\/livelihoods\/fr\/\" class=\"wpml-ls-link\">\n                    <span class=\"wpml-ls-display\">FR<\/span><\/a>\n\t\t\t<\/li><li class=\"wpml-ls-slot-shortcode_actions wpml-ls-item wpml-ls-item-es wpml-ls-current-language wpml-ls-item-legacy-list-horizontal\">\n\t\t\t\t<a href=\"https:\/\/rightsandresources.org\/livelihoods\/es\/\" class=\"wpml-ls-link\">\n                    <span class=\"wpml-ls-native\">ES<\/span><\/a>\n\t\t\t<\/li><li class=\"wpml-ls-slot-shortcode_actions wpml-ls-item wpml-ls-item-ne wpml-ls-last-item wpml-ls-item-legacy-list-horizontal\">\n\t\t\t\t<a href=\"https:\/\/rightsandresources.org\/livelihoods\/ne\/\" class=\"wpml-ls-link\">\n                    <span class=\"wpml-ls-display\">NP<\/span><\/a>\n\t\t\t<\/li><\/ul>\n<\/div>\n        <\/ul>\r\n      <\/div>\r\n  <\/div>\r\n<\/section>\n\n\r\n\r\n<section class=\"block-title-only\" data-waypoint=\".25\">\r\n    <div class=\"container medium\">\r\n        <h2 class=\"title\">Medios De Vida: Creando Prosperidad Para Los Pueblos Ind\u00edgenas, Locales Y Comunidades Afrodescendientes<\/h2>\r\n    <\/div>\r\n<\/section>\r\n \r\n\n\n\r\n\r\n<section class=\"block__buttons\" data-waypoint=\".25\">\r\n    <div class=\"container medium\">\r\n        <div class=\"block__buttons-content\">\r\n            \r\n                        <a class=\"button button-solid-green\" href=\"https:\/\/rightsandresources.org\/livelihoods\/es\/mi-curso\/module-1-what-is-our-shared-understanding-of-livelihoods\/\" >\r\n        Acceso al Curso        <\/a>\r\n                            <\/div>\r\n    <\/div>\r\n<\/section>\r\n\n\n\n\n\n<section class=\"block-course-type\" data-waypoint=\".25\">\n    <div class=\"container medium\">\n                                                        <div class=\"course-item\">\n                        <div class=\"title\"><p>Tipo De Curso:<\/p><\/div>\n                        <div class=\"data\"><p>Micro-curso<\/p>\n<\/div>\n                    <\/div>\n                 \n                                                <div class=\"course-item\">\n                        <div class=\"title\"><p>Idiomas:<\/p><\/div>\n                        <div class=\"data\"><p>Espa\u00f1ol, Ingl\u00e9s, Franc\u00e9s, Nepales<\/p>\n<\/div>\n                    <\/div>\n                 \n                                                <div class=\"course-item\">\n                        <div class=\"title\"><p>Esfuerzo Estimado:<\/p><\/div>\n                        <div class=\"data\"><p>4 horas por semana<\/p>\n<\/div>\n                    <\/div>\n                 \n                                                <div class=\"course-item\">\n                        <div class=\"title\"><p>Duraci\u00f3n:<\/p><\/div>\n                        <div class=\"data\"><p>5 m\u00f3dulos (1 m\u00f3dulo por semana)<\/p>\n<\/div>\n                    <\/div>\n                 \n                                                <div class=\"course-item\">\n                        <div class=\"title\"><p>Facilitador:<\/p><\/div>\n                        <div class=\"data\"><p>Johanna Luz Shorack, Educator and Facilitator<\/p>\n<\/div>\n                    <\/div>\n                 \n                                                <div class=\"course-item\">\n                        <div class=\"title\"><p>Colaboradores Y Co-facilitadores De La Secretar\u00eda De RRI:<\/p><\/div>\n                        <div class=\"data\"><p>Natalie Caine, Senior Associate, Coalition and Strategic Networks<\/p>\n<p>David Kroeker-Maus, Senior Associate, Tenure Tracking and Livelihoods<\/p>\n<p>Graziela Tanaka, Director, Coalition and Strategic Networks<\/p>\n<p>&nbsp;<\/p>\n<\/div>\n                    <\/div>\n                 \n                                                <div class=\"course-item\">\n                        <div class=\"title\"><p>Agenda &#8211; 5 semanas (Junio 17 &#8211; Julio 19):<\/p><\/div>\n                        <div class=\"data\"><ul>\n<li><strong>M\u00f3dulo 1<br \/>\n<\/strong>Junio 17-23<br \/>\nSesi\u00f3n Virtual : Mi\u00e9rcoles\u00a0 19 de Junio<\/li>\n<li><strong>M\u00f3dulo 2<br \/>\n<\/strong>Junio 24-30<br \/>\nSesi\u00f3n Virtual : Mi\u00e9rcoles\u00a0 26 de Junio<\/li>\n<li><strong>M\u00f3dulo 3<br \/>\n<\/strong>Julio 1-7<br \/>\nSesi\u00f3n Virtual : Mi\u00e9rcoles 3 de Julio<\/li>\n<li><strong>M\u00f3dulo 4<br \/>\n<\/strong>Julio 8 \u2013 14<br \/>\nSesi\u00f3n Virtual : Mi\u00e9rcoles\u00a0 10 de Julio<\/li>\n<li><strong>M\u00f3dulo 5<br \/>\n<\/strong>Julio 15-19<br \/>\nSesi\u00f3n Virtual Mi\u00e9rcoles 17 de Julio<\/li>\n<\/ul>\n<p>&nbsp;<\/p>\n<p><b><span style=\"color: #008000\">Live Session A<\/span><br \/>\n14:00 \u2013 16:00 UTC<br \/>\n<\/b>10:00 \u2013 12:00 EDT (Washington)<br \/>\n14:00 \u2013 16:00 GMT (Lom\u00e9, Monrovia)<br \/>\n15:00 \u2013 17:00 WAT (Kinshasa, Libreville, Yaound\u00e9)<br \/>\n17:00 \u2013 19:00 EAT (Antananarivo, Nairobi)<br \/>\n19:30 \u2013 21:30 IST (New Delhi)<br \/>\n19:45 \u2013 21:45 NPT (Kathmandu)<br \/>\n<i>More time zones,\u00a0<\/i><a href=\"https:\/\/www.timeanddate.com\/worldclock\/fixedtime.html?iso=20240619T1400\"><i>click here<\/i><\/a><i>.<\/i><\/p>\n<p>&nbsp;<\/p>\n<p><b><span style=\"color: #008000\">Live Session B<\/span><br \/>\n18:00 \u2013 20:00 UTC<br \/>\n<\/b>13:00 \u2013 15:00 PET (Bogota, Lima)<br \/>\n14:00 \u2013 16:00 EDT (Washington)<br \/>\n19:00 \u2013 21:00 WAT (Kinshasa, Yaound\u00e9)<br \/>\n21:00 \u2013 23:00 EAT (Antananarivo)<br \/>\n<i>More time zones,\u00a0<\/i><a href=\"https:\/\/www.timeanddate.com\/worldclock\/fixedtime.html?iso=20240619T1800\"><i>click here<\/i><\/a><i>.<\/i><\/p>\n<p>&nbsp;<\/p>\n<p><strong>Se compartir\u00e1 un enlace de Zoom por WhatsApp y una invitaci\u00f3n de calendario (para la sesi\u00f3n que te asignaron).<\/strong><\/p>\n<\/div>\n                    <\/div>\n                 \n                     \n    <\/div>\n<\/section>\n\n\n\n\r\n<section class=\"separator\" data-waypoint='.25'>\r\n    <div class=\"container medium\">\r\n        <div class=\"separator__line\"><\/div>\r\n    <\/div>\r\n<\/section>\n\n\r\n\r\n<section class=\"block-title-solid\" id=\"block_4e27510246f0704f46014baa5e325536\" data-waypoint=\".25\">\r\n    <div class=\"container medium\">\r\n        <div class=\"content\">\r\n            <h2 class=\"title\">Indice del Curso y Descripci\u00f3n<\/h2> \r\n        <\/div>\r\n    <\/div>\r\n<\/section>\r\n \r\n\n\n\r\n\r\n\r\n<section class=\"block-accordion\" data-waypoint=\".25\">\r\n    <div class=\"container medium\">\r\n                                                \r\n                <div class=\"block-accordion__item\">\r\n                    <button aria-label=\"Open accordion\" class=\"js-open-block\" data-block=\"module_1\">\r\n                        <span class=\"block-accordion__top\">\r\n                            <span class=\"title\"><p><strong>M\u00f3dulo 1<\/strong>: \u00bfQu\u00e9 Entendemos Por Medios De Vida?<\/p>\n<\/span>\r\n                            <span class=\"date\"><p>Junio 17-23<\/p><\/span>\r\n                        <\/span>\r\n                    <\/button>\r\n\r\n                                        <div class=\"block-accordion__content\" id=\"module_1\">\r\n\r\n                        \r\n                                                    <div class=\"objetive\"><p>Objetivo De Aprendizaje<\/p><\/div>\r\n                        \r\n                                                    <div class=\"description\"><p>Fomentar una comprensi\u00f3n colectiva de los medios de vida explorando diferentes perspectivas, voces y experiencias, para explorar ideas innovadoras de iniciativas sobre medios de vida.<\/p>\n<p>En este m\u00f3dulo podr\u00e1s:<\/p>\n<ul>\n<li>Articular los valores y la visi\u00f3n de la prosperidad dentro de su comunidad o territorio, una parte necesaria de visualizar posibles iniciativas de medios de vida.<\/li>\n<li>Describir los medios de vida sostenibles desde el punto de vista conceptual y pr\u00e1ctico, con ejemplos de distintos tipos de medios de vida.<\/li>\n<li>Definir \u00abactivos\u00bb dentro del marco de los medios de vida y comprender como mapearlos, en respuesta a las necesidades. y aspiraciones de su comunidad.<\/li>\n<li>Empezar a compartir y crear un entendimiento y conexi\u00f3n mutuos con otros participantes en el curso.<\/li>\n<\/ul>\n<div id=\"gtx-trans\" style=\"position: absolute;left: 35px;top: 190.667px\">\n<div class=\"gtx-trans-icon\"><\/div>\n<\/div>\n<\/div>\r\n                        \r\n                            <div class=\"block__buttons-content\">\r\n                                                                                                                    <a class=\"button button-solid-green\" href=\"https:\/\/rightsandresources.org\/livelihoods\/es\/mi-curso\/module-1-what-is-our-shared-understanding-of-livelihoods\/\" >\r\n        Ver M\u00f3dulo        <\/a>\r\n                                                                                            <a class=\"button button-solid-blue\" href=\"https:\/\/rightsandresources.org\/livelihoods\/wp-content\/uploads\/2024\/06\/Modulo-1_-\u00bfQue-Entendemos-Por-Medios-De-Vida.pdf\" target=\"_blank\" download>\r\n        Descargar M\u00f3dulo        <\/a>\r\n                                                                            \r\n                            <\/div>\r\n                    <\/div>\r\n                                    <\/div>\r\n                                            \r\n                <div class=\"block-accordion__item\">\r\n                    <button aria-label=\"Open accordion\" class=\"js-open-block\" data-block=\"module_2\">\r\n                        <span class=\"block-accordion__top\">\r\n                            <span class=\"title\"><p><strong>M\u00f3dulo 2:<\/strong> \u00bfC\u00f3mo Superar Los Retos Y\u00a0 Las Barreras?<\/p>\n<\/span>\r\n                            <span class=\"date\"><p>Junio 24-30<\/p><\/span>\r\n                        <\/span>\r\n                    <\/button>\r\n\r\n                                        <div class=\"block-accordion__content\" id=\"module_2\">\r\n\r\n                        \r\n                                                    <div class=\"objetive\"><p>Objetivo De Aprendizaje<\/p><\/div>\r\n                        \r\n                                                    <div class=\"description\"><p>Profundizar en nuestra comprensi\u00f3n de las barreras y retos comunes que afectan a los medios de vida, tanto por factores internos como externos, con el fin de inspirar nuevas iniciativas o acciones en nuestros territorios.<\/p>\n<p>En este m\u00f3dulo podr\u00e1s:<\/p>\n<ul>\n<li>Especificar las luchas comunes en relaci\u00f3n con los medios de vida en su comunidad y\/o territorio, incluidas aquellas a las que se enfrentan las mujeres y los j\u00f3venes.<\/li>\n<li>Articular las respuestas empleadas por personas o comunidades que se enfrentan a retos similares para superar estas barreras.<\/li>\n<li>Clasificar los activos naturales y humanos de su territorio.<\/li>\n<\/ul>\n<div id=\"gtx-trans\" style=\"position: absolute;left: 15px;top: 237.667px\">\n<div class=\"gtx-trans-icon\"><\/div>\n<\/div>\n<\/div>\r\n                        \r\n                            <div class=\"block__buttons-content\">\r\n                                                                                                                    <a class=\"button button-solid-green\" href=\"https:\/\/rightsandresources.org\/livelihoods\/es\/mi-curso\/module-2-how-can-we-overcome-challenges-and-barriers\/\" >\r\n        Ver M\u00f3dulo        <\/a>\r\n                                                                                            <a class=\"button button-solid-blue\" href=\"https:\/\/rightsandresources.org\/livelihoods\/wp-content\/uploads\/2024\/06\/Modulo-2_-\u00bfComo-Superar-Los-Retos-Y-Las-Barreras.pdf\" target=\"_blank\" download>\r\n        Descargar M\u00f3dulo        <\/a>\r\n                                                                            \r\n                            <\/div>\r\n                    <\/div>\r\n                                    <\/div>\r\n                                            \r\n                <div class=\"block-accordion__item\">\r\n                    <button aria-label=\"Open accordion\" class=\"js-open-block\" data-block=\"module_3\">\r\n                        <span class=\"block-accordion__top\">\r\n                            <span class=\"title\"><p><strong>M\u00f3dulo 3:<\/strong> \u00bfC\u00f3mo Construir Iniciativas De Subsistencia Exitosas?<\/p>\n<\/span>\r\n                            <span class=\"date\"><p>Julio 1-7<\/p><\/span>\r\n                        <\/span>\r\n                    <\/button>\r\n\r\n                                        <div class=\"block-accordion__content\" id=\"module_3\">\r\n\r\n                        \r\n                                                    <div class=\"objetive\"><p>Objetivo de Aprendizaje<\/p><\/div>\r\n                        \r\n                                                    <div class=\"description\"><p>Identificar los factores que aumentan la viabilidad de las iniciativas mediante estrategias de colaboraci\u00f3n y gobernanza colectiva. Dialogaremos sobre las condiciones que facilitan oportunidades alcanzables.<\/p>\n<p>En este m\u00f3dulo podr\u00e1s:<\/p>\n<ul>\n<li>Comparar diferentes estructuras de gobernanza colectiva<\/li>\n<li>Analizar los beneficios de la autogesti\u00f3n, utilizando tanto la competencia como la colaboraci\u00f3n, y haciendo hincapi\u00e9 en la seguridad.<\/li>\n<li>Identificar el capital social y los posibles colaboradores mediante el proceso de manera las conexiones clave y los posibles aliados.<\/li>\n<li>Identificar activos f\u00edsicos en su territorio.<\/li>\n<\/ul>\n<\/div>\r\n                        \r\n                            <div class=\"block__buttons-content\">\r\n                                                                                                                    <a class=\"button button-solid-green\" href=\"https:\/\/rightsandresources.org\/livelihoods\/es\/mi-curso\/module-3-how-can-we-build-successful-livelihood-initiatives\/\" >\r\n        Ver M\u00f3dule        <\/a>\r\n                                                                                            <a class=\"button button-solid-blue\" href=\"https:\/\/rightsandresources.org\/livelihoods\/wp-content\/uploads\/2024\/06\/Modulo-3_-\u00bfComo-Construir-Iniciativas-De-Medios-De-Vida-Exitosas.pdf\" target=\"_blank\" download>\r\n        Descargar M\u00f3dule        <\/a>\r\n                                                                            \r\n                            <\/div>\r\n                    <\/div>\r\n                                    <\/div>\r\n                                            \r\n                <div class=\"block-accordion__item\">\r\n                    <button aria-label=\"Open accordion\" class=\"js-open-block\" data-block=\"module_4\">\r\n                        <span class=\"block-accordion__top\">\r\n                            <span class=\"title\"><p><strong>M\u00f3dulo 4<\/strong>: \u00bfC\u00f3mo Dar Vida A Nuestras Ideas?<\/p>\n<\/span>\r\n                            <span class=\"date\"><p>Julio 8-14 <\/p><\/span>\r\n                        <\/span>\r\n                    <\/button>\r\n\r\n                                        <div class=\"block-accordion__content\" id=\"module_4\">\r\n\r\n                        \r\n                                                    <div class=\"objetive\"><p>Objetivo de Aprendizaje<\/p><\/div>\r\n                        \r\n                                                    <div class=\"description\"><p>Comprender mejor las opciones de financiaci\u00f3n de medios de vida sostenibles e identificar opciones para la financiaci\u00f3n de sus ideas de iniciativas.<\/p>\n<p>En este m\u00f3dulo:<\/p>\n<ul>\n<li>Trazar las opciones de financiaci\u00f3n y los recursos disponibles para las iniciativas de medios de vida sostenibles, mapeando de los activos financieros de su comunidad.<\/li>\n<li>Identificar posibles estrategias de medios de vida basadas en el mapeo de activos, que podr\u00edan convertirse en una iniciativa y preparar una presentaci\u00f3n de grupo.<\/li>\n<li>Comparar los tipos de financiaci\u00f3n en funci\u00f3n de la iniciativa y los requisitos previos.<\/li>\n<\/ul>\n<div id=\"gtx-trans\" style=\"position: absolute;left: 287px;top: 166.667px\">\n<div class=\"gtx-trans-icon\"><\/div>\n<\/div>\n<\/div>\r\n                        \r\n                            <div class=\"block__buttons-content\">\r\n                                                                                                                    <a class=\"button button-solid-green\" href=\"https:\/\/rightsandresources.org\/livelihoods\/es\/mi-curso\/module-4-how-can-we-bring-our-ideas-to-life\/\" >\r\n        Ver M\u00f3dulo        <\/a>\r\n                                                                                            <a class=\"button button-solid-blue\" href=\"https:\/\/rightsandresources.org\/livelihoods\/wp-content\/uploads\/2024\/06\/Modulo-4_-\u00bfComo-Dar-Vida-a-Nuestros-Proyectos_.pdf\" target=\"_blank\" download>\r\n        Descargar M\u00f3dulo        <\/a>\r\n                                                                            \r\n                            <\/div>\r\n                    <\/div>\r\n                                    <\/div>\r\n                                            \r\n                <div class=\"block-accordion__item\">\r\n                    <button aria-label=\"Open accordion\" class=\"js-open-block\" data-block=\"module_5\">\r\n                        <span class=\"block-accordion__top\">\r\n                            <span class=\"title\"><p><strong>M\u00f3dulo 5:<\/strong> \u00bfCu\u00e1les Son Nuestras Ideas Y C\u00f3mo Podemos Ayudarnos Mutuamente A Conseguirlas?<\/p>\n<\/span>\r\n                            <span class=\"date\"><p>Julio 15-19<\/p><\/span>\r\n                        <\/span>\r\n                    <\/button>\r\n\r\n                                        <div class=\"block-accordion__content\" id=\"module_5\">\r\n\r\n                                                    <div class=\"duration\"><p>Sesi\u00f3n 2: 9:00 &#8211; 10:00 Colombia and Peru<\/p><\/div>\r\n                        \r\n                                                    <div class=\"objetive\"><p>Objetivo De Aprendizaje<\/p><\/div>\r\n                        \r\n                                                    <div class=\"description\"><p>Los participantes presentar\u00e1n sus conclusiones del mapeo de activos y las ideas surgidas durante el curso. Recibir\u00e1n retroalimentaci\u00f3n del grupo, explorar\u00e1n nuevas oportunidades y validar\u00e1n propuestas dentro del grupo, con el objetivo de mejorar las ideas de iniciativas de todos los presentes.<\/p>\n<p>En esta sesi\u00f3n podr\u00e1s:<\/p>\n<ul>\n<li>Practicar las habilidades de presentaci\u00f3n concisa resumiendo los conceptos e ideas clave de la idea de iniciativa, como resumen de lo trabajado a lo largo de las sesiones anteriores y las tareas grupales.<\/li>\n<li>Mejorar la propuesta inicial de su proyecto de medios de vida incorporando los comentarios de los dem\u00e1s participantes durante la sesi\u00f3n.<\/li>\n<li>Identificar los pr\u00f3ximos pasos para mantener esta comunidad de aprendizaje dentro de la coalici\u00f3n de RRI y seguir avanzando en el trabajo sobre los medios de vida en los territorios.<\/li>\n<\/ul>\n<\/div>\r\n                        \r\n                            <div class=\"block__buttons-content\">\r\n                                                                                                                    <a class=\"button button-solid-green\" href=\"https:\/\/rightsandresources.org\/livelihoods\/es\/mi-curso\/module-5-what-are-our-ideas-and-how-can-we-help-each-other-get-there\/\" >\r\n        Ver Sesi\u00f3n        <\/a>\r\n                                                                                            <a class=\"button button-solid-blue\" href=\"https:\/\/rightsandresources.org\/livelihoods\/wp-content\/uploads\/2024\/06\/Modulo-5_-\u00bfCuales-Son-Nuestras-Ideas-y-Como-Podemos-Ayudarnos-Mutuamente-A-Conseguirlas_-1.pdf\" target=\"_blank\" download>\r\n        Descargar Sesi\u00f3n        <\/a>\r\n                                                                            \r\n                            <\/div>\r\n                    <\/div>\r\n                                    <\/div>\r\n                                     \r\n    <\/div>\r\n<\/section>\n\n\r\n<section class=\"separator\" data-waypoint='.25'>\r\n    <div class=\"container medium\">\r\n        <div class=\"separator__line\"><\/div>\r\n    <\/div>\r\n<\/section>\n\n\r\n\r\n<section class=\"block-title-solid\" id=\"block_068aebe15b6c9360d23125d439a63e02\" data-waypoint=\".25\">\r\n    <div class=\"container medium\">\r\n        <div class=\"content\">\r\n            <h2 class=\"title\">Prop\u00f3sito de la Comunidad de Aprendizaje:Un Viaje Hacia Los Medios De Vida Sostenibles<\/h2> \r\n        <\/div>\r\n    <\/div>\r\n<\/section>\r\n \r\n\n\n\r\n\r\n<section class=\"block-copy-text\" data-waypoint=\".25\">\r\n    <div class=\"container medium\">\r\n                    <div class=\"block-copy-text__content\">\r\n                <div class=\"text\"><p>Este curso pretende construir una comprensi\u00f3n com\u00fan y pr\u00e1ctica de los medios de vida, inspirar a los participantes con nuevas ideas y herramientas \u00fatiles que fortalezcan el bienestar, fuentes de ingresos y la cultura relacionada con los medios de vida en los territorios de los participantes.<\/p>\n<\/div>\r\n            <\/div>\r\n         \r\n    <\/div>\r\n<\/section>\r\n\r\n\n\n\r\n\r\n<section class=\"block-title-solid\" id=\"block_a22089ebeacb4eb452a30d9ed52bcedd\" data-waypoint=\".25\">\r\n    <div class=\"container medium\">\r\n        <div class=\"content\">\r\n            <h2 class=\"title\">Antecedentes Del Curso<\/h2> \r\n        <\/div>\r\n    <\/div>\r\n<\/section>\r\n \r\n\n\n\r\n\r\n<section class=\"block-copy-text\" data-waypoint=\".25\">\r\n    <div class=\"container medium\">\r\n                    <div class=\"block-copy-text__content\">\r\n                <div class=\"text\"><p>Esta Comunidad de Aprendizaje surge de la visi\u00f3n colectiva de la Coalici\u00f3n de RRI de apoyar las visiones econ\u00f3micas y de desarrollo autodeterminadas de los Pueblos Ind\u00edgenas, las comunidades locales y los Pueblos Afrodescendientes, incluyendo las mujeres y los j\u00f3venes de las comunidades, para que puedan ejercer plenamente sus derechos sobre sus tierras, territorios y recursos.\u00a0<\/p>\n<p>De la visi\u00f3n del programa de medios de vida de RRI:\u00a0<\/p>\n<p><em>\u00abLa lucha por los derechos sobre la tierra es intergeneracional, a largo plazo y a veces indeterminada, mientras que las necesidades de subsistencia son una cuesti\u00f3n de supervivencia b\u00e1sica cotidiana. La seguridad de los medios de vida significa que las poblaciones locales pueden satisfacer sus necesidades inmediatas y proporcionar un futuro viable a las generaciones venideras, lo que afecta a su capacidad para perseguir otros objetivos y prioridades, incluida la defensa de sus derechos sobre la tierra. Por lo que, la seguridad de la tenencia de la tierra determina las oportunidades de vida de las comunidades y la posibilidad de alcanzar resultados o acuerdos justos y equitativos con terceros\u00bb.<\/em><\/p>\n<p>La Comunidad de Aprendizaje sobre Medios de Vida ofrece un espacio para el intercambio de conocimientos dentro de la coalici\u00f3n RRI, centr\u00e1ndose en temas cruciales para comprender e inspirar el desarrollo de nuevos medios de vida y actividades generadoras de ingresos, con especial atenci\u00f3n a los j\u00f3venes y las mujeres. <\/p>\n<\/div>\r\n            <\/div>\r\n         \r\n    <\/div>\r\n<\/section>\r\n\r\n\n\n\r\n\r\n<section class=\"block-title-solid\" id=\"block_3ab31cadd7def4a820aca4f68915a623\" data-waypoint=\".25\">\r\n    <div class=\"container medium\">\r\n        <div class=\"content\">\r\n            <h2 class=\"title\">Objetivos Espec\u00edficos Del Curso <\/h2> \r\n        <\/div>\r\n    <\/div>\r\n<\/section>\r\n \r\n\n\n\r\n\r\n<section class=\"block-copy-text\" data-waypoint=\".25\">\r\n    <div class=\"container medium\">\r\n                    <div class=\"block-copy-text__content\">\r\n                <div class=\"text\"><ul>\n<li>Adquirir una amplia comprensi\u00f3n de los medios de vida para la autodeterminaci\u00f3n econ\u00f3mica y los derechos a los bosques, la tierra y los recursos, incluyendo las amenazas, los obst\u00e1culos y las oportunidades.<\/li>\n<li>Inspirar nuevas ideas de medios de vida y\/o actividades generadoras de ingresos basadas en estudios de casos y en la conexi\u00f3n con personas en situaciones similares en diferentes contextos a trav\u00e9s de la plataforma en l\u00ednea.<\/li>\n<li>Aprender herramientas pr\u00e1cticas para identificar, mapear, investigar y desarrollar ideas que puedan ponerse en pr\u00e1ctica. <\/li>\n<\/ul>\n<\/div>\r\n            <\/div>\r\n         \r\n    <\/div>\r\n<\/section>\r\n\r\n\n\n\r\n\r\n<section class=\"block-title-solid\" id=\"block_31dbda3360c5d006de77a37db28b7ac3\" data-waypoint=\".25\">\r\n    <div class=\"container medium\">\r\n        <div class=\"content\">\r\n            <h2 class=\"title\">Requisitos De Participaci\u00f3n<\/h2> \r\n        <\/div>\r\n    <\/div>\r\n<\/section>\r\n \r\n\n\n\r\n\r\n<section class=\"block-copy-text\" data-waypoint=\".25\">\r\n    <div class=\"container medium\">\r\n                    <div class=\"block-copy-text__content\">\r\n                <div class=\"text\"><p>Aseg\u00farate de poder asistir a las sesiones virtuales semanales, ya que, ser\u00e1n la principal plataforma de di\u00e1logo y aprendizaje colectivo, pues cada persona aporta una gran riqueza de conocimientos desde sus respectivos territorios.<\/p>\n<p>5 semanas de aprendizaje virtual, 4 horas semanales de compromiso de tiempo:<\/p>\n<ul>\n<li>Sesiones semanales en directo en Zoom, de 2 horas cada una (con una pausa)\n<ul>\n<li>Fechas: 19 de junio, 26 de junio, 3 de julio, 10 de julio, 17 de julio<\/li>\n<\/ul>\n<\/li>\n<li>2 horas de aprendizaje autodirigido cada semana: revisi\u00f3n de los materiales de estudio en l\u00ednea (lecturas, v\u00eddeos, estudios de casos) y desarrollo de las tareas individuales y grupales.<\/li>\n<li>Grupo cerrado de Whatsapp para que los participantes discutan el material del curso y formulen preguntas entre las sesiones en directo<\/li>\n<\/ul>\n<\/div>\r\n            <\/div>\r\n         \r\n    <\/div>\r\n<\/section>\r\n\r\n\n\n\n\n<section class=\"block-image\" data-waypoint=\".25\">\n    <div class=\"container medium\">\n        <div class=\"block-image__content\">\n                            <div class=\"block-image__image\">\n                    <img decoding=\"async\" width=\"898\" height=\"573\" src=\"https:\/\/rightsandresources.org\/livelihoods\/wp-content\/uploads\/2024\/06\/ES.png\" class=\"\" alt=\"\" loading=\"lazy\" srcset=\"https:\/\/rightsandresources.org\/livelihoods\/wp-content\/uploads\/2024\/06\/ES.png 898w, https:\/\/rightsandresources.org\/livelihoods\/wp-content\/uploads\/2024\/06\/ES-600x383.png 600w, https:\/\/rightsandresources.org\/livelihoods\/wp-content\/uploads\/2024\/06\/ES-768x490.png 768w\" sizes=\"auto, (max-width: 898px) 100vw, 898px\" \/>                <\/div>\n                                        <div class=\"caption\"><p>Esta imagen representa nuestro proceso c\u00edclico de aprendizaje, reflexi\u00f3n y acci\u00f3n, que se desarrolla semana a semana. Las tareas y las sesiones en vivo ser\u00e1n tanto individuales como colectivas.<br \/>\r\n<\/p><\/div>\n                    <\/div>\n    <\/div>\n<\/section>\n\n\n\n\r\n<section class=\"separator\" data-waypoint='.25'>\r\n    <div class=\"container medium\">\r\n        <div class=\"separator__line\"><\/div>\r\n    <\/div>\r\n<\/section>","protected":false},"excerpt":{"rendered":"","protected":false},"author":1,"featured_media":0,"parent":0,"menu_order":0,"comment_status":"closed","ping_status":"closed","template":"","meta":{"_acf_changed":false,"footnotes":""},"class_list":["post-664","page","type-page","status-publish","hentry"],"acf":[],"_links":{"self":[{"href":"https:\/\/rightsandresources.org\/livelihoods\/es\/wp-json\/wp\/v2\/pages\/664","targetHints":{"allow":["GET"]}}],"collection":[{"href":"https:\/\/rightsandresources.org\/livelihoods\/es\/wp-json\/wp\/v2\/pages"}],"about":[{"href":"https:\/\/rightsandresources.org\/livelihoods\/es\/wp-json\/wp\/v2\/types\/page"}],"author":[{"embeddable":true,"href":"https:\/\/rightsandresources.org\/livelihoods\/es\/wp-json\/wp\/v2\/users\/1"}],"replies":[{"embeddable":true,"href":"https:\/\/rightsandresources.org\/livelihoods\/es\/wp-json\/wp\/v2\/comments?post=664"}],"version-history":[{"count":0,"href":"https:\/\/rightsandresources.org\/livelihoods\/es\/wp-json\/wp\/v2\/pages\/664\/revisions"}],"wp:attachment":[{"href":"https:\/\/rightsandresources.org\/livelihoods\/es\/wp-json\/wp\/v2\/media?parent=664"}],"curies":[{"name":"wp","href":"https:\/\/api.w.org\/{rel}","templated":true}]}}